{"id":479,"date":"2021-10-15T13:14:06","date_gmt":"2021-10-15T19:14:06","guid":{"rendered":"https:\/\/demo.casethemes.net\/nimmo\/?page_id=479"},"modified":"2025-04-29T08:39:44","modified_gmt":"2025-04-29T14:39:44","slug":"home-modern-agency","status":"publish","type":"page","link":"https:\/\/coralmar.org\/en\/","title":{"rendered":"Home RRA-SAM"},"content":{"rendered":"<div class=\"wpb-content-wrapper\"><div id=\"section-home\" data-vc-full-width=\"true\" data-vc-full-width-temp=\"true\" data-vc-full-width-init=\"false\" data-vc-stretch-content=\"true\" class=\"vc_row wpb_row vc_row-fluid vc_row-no-padding bg-image-ps-inherit\"><div class=\"wpb_column vc_column_container vc_col-sm-12\"><div class=\"vc_column-inner\"><div class=\"wpb_wrapper\">\n\t\t\t<!-- START Portada Inicial REVOLUTION SLIDER 6.5.4 --><p class=\"rs-p-wp-fix\"><\/p>\n\t\t\t<rs-module-wrap id=\"rev_slider_13_1_wrapper\" data-source=\"gallery\" style=\"visibility:hidden;background:transparent;padding:0;margin:0px auto;margin-top:0;margin-bottom:0;\">\n\t\t\t\t<rs-module id=\"rev_slider_13_1\" style=\"\" data-version=\"6.5.4\">\n\t\t\t\t\t<rs-slides>\n\t\t\t\t\t\t<rs-slide data-key=\"rs-19\" data-title=\"Slide\" data-in=\"o:0;\" data-out=\"a:false;\">\n\t\t\t\t\t\t\t<img decoding=\"async\" src=\"\/\/coralmar.org\/wp-content\/plugins\/revslider\/public\/assets\/assets\/dummy.png\" alt=\"Slide\" title=\"Home RRA-SAM\" class=\"rev-slidebg tp-rs-img rs-lazyload\" data-lazyload=\"\/\/coralmar.org\/wp-content\/plugins\/revslider\/public\/assets\/assets\/transparent.png\" data-bg=\"c:#ffffff;\" data-no-retina>\n<!--\n\t\t\t\t\t\t\t--><rs-group\n\t\t\t\t\t\t\t\tid=\"slider-13-slide-19-layer-0\" \n\t\t\t\t\t\t\t\tdata-type=\"group\"\n\t\t\t\t\t\t\t\tdata-xy=\"xo:61px,9px,62px,6px;y:m;yo:49px,-24px,-28px,-27px;\"\n\t\t\t\t\t\t\t\tdata-text=\"w:normal;s:20,16,12,7;l:0,20,15,9;\"\n\t\t\t\t\t\t\t\tdata-dim=\"w:677px,800px,668px,449px;h:553px,286px,324px,394px;\"\n\t\t\t\t\t\t\t\tdata-rsp_bd=\"off\"\n\t\t\t\t\t\t\t\tdata-frame_0=\"o:1;\"\n\t\t\t\t\t\t\t\tdata-frame_999=\"o:0;st:w;sR:2700;sA:3000;\"\n\t\t\t\t\t\t\t\tstyle=\"z-index:11;\"\n\t\t\t\t\t\t\t><rs-bg-elem style=\"position:absolute; top:0px;left:0px;\"><\/rs-bg-elem>\n<!--\n\t\t\t\t\t\t\t\t--><rs-layer\n\t\t\t\t\t\t\t\t\tid=\"slider-13-slide-19-layer-1\" \n\t\t\t\t\t\t\t\t\tdata-type=\"text\"\n\t\t\t\t\t\t\t\t\tdata-color=\"#162172\"\n\t\t\t\t\t\t\t\t\tdata-xy=\"xo:0,0,4px,14px;yo:245px,245px,78px,112px;\"\n\t\t\t\t\t\t\t\t\tdata-text=\"w:normal;s:70,60,50,25;l:80,70,50,40;fw:700;\"\n\t\t\t\t\t\t\t\t\tdata-dim=\"w:751px;\"\n\t\t\t\t\t\t\t\t\tdata-rsp_o=\"off\"\n\t\t\t\t\t\t\t\t\tdata-rsp_bd=\"off\"\n\t\t\t\t\t\t\t\t\tdata-frame_0=\"x:50;\"\n\t\t\t\t\t\t\t\t\tdata-frame_1=\"sp:2620;\"\n\t\t\t\t\t\t\t\t\tdata-frame_999=\"o:0;st:w;sR:380;\"\n\t\t\t\t\t\t\t\t\tstyle=\"z-index:10;font-family:Poppins;\"\n\t\t\t\t\t\t\t\t><rs-bg-elem style=\"position:absolute; top:0px;left:0px;\"><\/rs-bg-elem>\nArrecife Mesoamericano \n\t\t\t\t\t\t\t\t<\/rs-layer><!--\n\n\t\t\t\t\t\t\t\t--><rs-layer\n\t\t\t\t\t\t\t\t\tid=\"slider-13-slide-19-layer-4\" \n\t\t\t\t\t\t\t\t\tdata-type=\"text\"\n\t\t\t\t\t\t\t\t\tdata-color=\"#3a505f\"\n\t\t\t\t\t\t\t\t\tdata-xy=\"xo:9px,9px,6px,14px;yo:409px,112px,135px,154px;\"\n\t\t\t\t\t\t\t\t\tdata-text=\"w:normal;s:20,18,18,12;l:36,32,28,24;fw:500;\"\n\t\t\t\t\t\t\t\t\tdata-dim=\"w:610px,610px,489px,287px;\"\n\t\t\t\t\t\t\t\t\tdata-rsp_o=\"off\"\n\t\t\t\t\t\t\t\t\tdata-rsp_bd=\"off\"\n\t\t\t\t\t\t\t\t\tdata-frame_0=\"x:50;\"\n\t\t\t\t\t\t\t\t\tdata-frame_1=\"sp:2570;\"\n\t\t\t\t\t\t\t\t\tdata-frame_999=\"o:0;st:w;sR:430;\"\n\t\t\t\t\t\t\t\t\tstyle=\"z-index:9;font-family:Poppins;\"\n\t\t\t\t\t\t\t\t><rs-bg-elem style=\"position:absolute; top:0px;left:0px;\"><\/rs-bg-elem>\nfuente de innumerables recursos marinos y servicios ecol\u00f3gicos, el Arrecife Mesoamericano tambi\u00e9n es el sistema de soporte de vida para la regi\u00f3n.  \n\t\t\t\t\t\t\t\t<\/rs-layer><!--\n\t\t\t\t\t\t\t--><\/rs-group><!--\n\n\t\t\t\t\t\t\t--><rs-layer\n\t\t\t\t\t\t\t\tid=\"slider-13-slide-19-layer-5\" \n\t\t\t\t\t\t\t\tdata-type=\"image\"\n\t\t\t\t\t\t\t\tdata-xy=\"x:r,r,l,l;xo:-232px,-345px,422px,255px;yo:116px,116px,-9px,-172px;\"\n\t\t\t\t\t\t\t\tdata-text=\"w:normal;s:20,16,12,7;l:0,20,15,9;\"\n\t\t\t\t\t\t\t\tdata-dim=\"w:824px,889px,988px,675px;h:830px,895px,995px,680px;\"\n\t\t\t\t\t\t\t\tdata-vbility=\"t,t,t,f\"\n\t\t\t\t\t\t\t\tdata-rsp_bd=\"off\"\n\t\t\t\t\t\t\t\tdata-frame_999=\"o:0;st:w;sR:2700;\"\n\t\t\t\t\t\t\t\tstyle=\"z-index:8;\"\n\t\t\t\t\t\t\t><rs-bg-elem style=\"position:absolute; top:0px;left:0px;\"><\/rs-bg-elem>\n<img loading=\"lazy\" decoding=\"async\" src=\"\/\/coralmar.org\/wp-content\/plugins\/revslider\/public\/assets\/assets\/dummy.png\" class=\"tp-rs-img rs-lazyload\" width=\"889\" height=\"895\" data-lazyload=\"\/\/coralmar.org\/wp-content\/uploads\/2021\/12\/portada-home-new.png\" data-no-retina> \n\t\t\t\t\t\t\t<\/rs-layer><!--\n-->\t\t\t\t\t\t<\/rs-slide>\n\t\t\t\t\t\t<rs-slide data-key=\"rs-20\" data-title=\"Slide\" data-in=\"o:0;\" data-out=\"a:false;\">\n\t\t\t\t\t\t\t<img decoding=\"async\" src=\"\/\/coralmar.org\/wp-content\/plugins\/revslider\/public\/assets\/assets\/dummy.png\" alt=\"Slide\" title=\"Home RRA-SAM\" class=\"rev-slidebg tp-rs-img rs-lazyload\" data-lazyload=\"\/\/coralmar.org\/wp-content\/plugins\/revslider\/public\/assets\/assets\/transparent.png\" data-bg=\"c:#ffffff;\" data-no-retina>\n<!--\n\t\t\t\t\t\t\t--><rs-group\n\t\t\t\t\t\t\t\tid=\"slider-13-slide-20-layer-0\" \n\t\t\t\t\t\t\t\tdata-type=\"group\"\n\t\t\t\t\t\t\t\tdata-xy=\"xo:61px,9px,62px,6px;y:m;yo:49px,-24px,-28px,-27px;\"\n\t\t\t\t\t\t\t\tdata-text=\"w:normal;s:20,16,12,7;l:0,20,15,9;\"\n\t\t\t\t\t\t\t\tdata-dim=\"w:677px,800px,668px,449px;h:553px,286px,324px,394px;\"\n\t\t\t\t\t\t\t\tdata-rsp_bd=\"off\"\n\t\t\t\t\t\t\t\tdata-frame_0=\"o:1;\"\n\t\t\t\t\t\t\t\tdata-frame_999=\"o:0;st:2070;sR:1770;\"\n\t\t\t\t\t\t\t\tstyle=\"z-index:11;\"\n\t\t\t\t\t\t\t><rs-bg-elem style=\"position:absolute; top:0px;left:0px;\"><\/rs-bg-elem>\n<!--\n\t\t\t\t\t\t\t\t--><rs-layer\n\t\t\t\t\t\t\t\t\tid=\"slider-13-slide-20-layer-1\" \n\t\t\t\t\t\t\t\t\tdata-type=\"text\"\n\t\t\t\t\t\t\t\t\tdata-color=\"#162172\"\n\t\t\t\t\t\t\t\t\tdata-xy=\"xo:-1px,-1px,4px,14px;yo:104px,104px,78px,112px;\"\n\t\t\t\t\t\t\t\t\tdata-text=\"w:normal;s:70,60,50,25;l:80,70,50,40;fw:700;\"\n\t\t\t\t\t\t\t\t\tdata-dim=\"w:751px;\"\n\t\t\t\t\t\t\t\t\tdata-rsp_o=\"off\"\n\t\t\t\t\t\t\t\t\tdata-rsp_bd=\"off\"\n\t\t\t\t\t\t\t\t\tdata-frame_0=\"x:50;\"\n\t\t\t\t\t\t\t\t\tdata-frame_1=\"sp:2030;\"\n\t\t\t\t\t\t\t\t\tdata-frame_999=\"o:0;st:2040;sR:10;\"\n\t\t\t\t\t\t\t\t\tstyle=\"z-index:10;font-family:Poppins;\"\n\t\t\t\t\t\t\t\t><rs-bg-elem style=\"position:absolute; top:0px;left:0px;\"><\/rs-bg-elem>\nArrecife Mesoamericano \n\t\t\t\t\t\t\t\t<\/rs-layer><!--\n\n\t\t\t\t\t\t\t\t--><rs-layer\n\t\t\t\t\t\t\t\t\tid=\"slider-13-slide-20-layer-4\" \n\t\t\t\t\t\t\t\t\tdata-type=\"text\"\n\t\t\t\t\t\t\t\t\tdata-color=\"#3a505f\"\n\t\t\t\t\t\t\t\t\tdata-xy=\"xo:-3px,9px,6px,14px;yo:303px,112px,135px,154px;\"\n\t\t\t\t\t\t\t\t\tdata-text=\"w:normal;s:20,18,18,12;l:36,32,28,24;fw:500;\"\n\t\t\t\t\t\t\t\t\tdata-dim=\"w:610px,610px,489px,287px;\"\n\t\t\t\t\t\t\t\t\tdata-rsp_o=\"off\"\n\t\t\t\t\t\t\t\t\tdata-rsp_bd=\"off\"\n\t\t\t\t\t\t\t\t\tdata-frame_0=\"x:50;\"\n\t\t\t\t\t\t\t\t\tdata-frame_1=\"sp:2030;\"\n\t\t\t\t\t\t\t\t\tdata-frame_999=\"o:0;st:2050;sR:20;\"\n\t\t\t\t\t\t\t\t\tstyle=\"z-index:9;font-family:Poppins;\"\n\t\t\t\t\t\t\t\t><rs-bg-elem style=\"position:absolute; top:0px;left:0px;\"><\/rs-bg-elem>\nes un lugar de belleza est\u00e9tica y relajaci\u00f3n que atrae a turistas provenientes de todo el planeta. \n\t\t\t\t\t\t\t\t<\/rs-layer><!--\n\t\t\t\t\t\t\t--><\/rs-group><!--\n\n\t\t\t\t\t\t\t--><rs-layer\n\t\t\t\t\t\t\t\tid=\"slider-13-slide-20-layer-5\" \n\t\t\t\t\t\t\t\tdata-type=\"image\"\n\t\t\t\t\t\t\t\tdata-xy=\"x:r,r,l,l;xo:-348px,-345px,422px,255px;yo:-1px,-1px,-9px,-172px;\"\n\t\t\t\t\t\t\t\tdata-text=\"w:normal;s:20,16,12,7;l:0,20,15,9;\"\n\t\t\t\t\t\t\t\tdata-dim=\"w:824px,889px,988px,675px;h:830px,895px,995px,680px;\"\n\t\t\t\t\t\t\t\tdata-vbility=\"t,t,t,f\"\n\t\t\t\t\t\t\t\tdata-rsp_bd=\"off\"\n\t\t\t\t\t\t\t\tdata-frame_999=\"o:0;st:2060;sR:1760;\"\n\t\t\t\t\t\t\t\tstyle=\"z-index:8;\"\n\t\t\t\t\t\t\t><rs-bg-elem style=\"position:absolute; top:0px;left:0px;\"><\/rs-bg-elem>\n<img loading=\"lazy\" decoding=\"async\" src=\"\/\/coralmar.org\/wp-content\/plugins\/revslider\/public\/assets\/assets\/dummy.png\" class=\"tp-rs-img rs-lazyload\" width=\"889\" height=\"895\" data-lazyload=\"\/\/coralmar.org\/wp-content\/uploads\/2021\/10\/portada-home-2.png\" data-no-retina> \n\t\t\t\t\t\t\t<\/rs-layer><!--\n-->\t\t\t\t\t\t<\/rs-slide>\n\t\t\t\t\t<\/rs-slides>\n\t\t\t\t<\/rs-module>\n\t\t\t\t<script type=\"text\/javascript\">\n\t\t\t\t\tsetREVStartSize({c: 'rev_slider_13_1',rl:[1240,1024,778,480],el:[690,690,380,280],gw:[1330,1024,778,480],gh:[690,690,380,280],type:'standard',justify:'',layout:'fullwidth',mh:\"0\"});\n\t\t\t\t<\/script>\n\t\t\t<\/rs-module-wrap>\n\t\t\t<!-- END REVOLUTION SLIDER -->\n<\/div><\/div><\/div><\/div><div class=\"vc_row-full-width vc_clearfix\"><\/div><div id=\"blog\" class=\"vc_row wpb_row vc_row-fluid vc_custom_1539839183837 bg-image-ps-inherit\"><div class=\"wpb_column vc_column_container vc_col-sm-12\"><div class=\"vc_column-inner vc_custom_1539828341536\"><div class=\"wpb_wrapper\"><div id=\"ct-heading\" class=\"ct-heading align-center align-center-md align-center-sm align-center-xs \">\n            <style type=\"text\/css\">\n            @media (min-width: 991px) and (max-width: 1200px) {\n                #ct-heading .ct-heading-tag {\n                                            font-size: 36px !important;\n                                                        }\n            }\n        <\/style>\n    \n            <style type=\"text\/css\">\n            @media (min-width: 768px) and (max-width: 991px) {\n                #ct-heading .ct-heading-tag {\n                                            font-size: 32px !important;\n                                                        }\n            }\n        <\/style>\n    \n            <style type=\"text\/css\">\n            @media screen and (max-width: 767px) {\n                #ct-heading .ct-heading-tag {\n                                            font-size: 32px !important;\n                                                        }\n            }\n        <\/style>\n                    <div class=\"ct-heading-sub sub- style1\" >\n            <span ><\/span>\n            BLOG                    <\/div>\n        <h3 class=\"ct-heading-tag typing-style1\" >\n                                    Noticias                                        <\/h3>\n            <div class=\"h-gap\"><i ><\/i><\/div>\n        <\/div><div class=\"vc_empty_space\"   style=\"height: 42px\"><span class=\"vc_empty_space_inner\"><\/span><\/div>\n<div id=\"ct-blog-carousel\" class=\"ct-blog-carousel-layout1 owl-carousel nav-middle style-light \" data-item-xs=1 data-item-sm=2 data-item-md=3 data-item-lg=4 data-margin=30 data-loop=true data-autoplay=false data-autoplaytimeout=5000 data-smartspeed=250 data-center=false data-arrows=true data-bullets=false data-stagepadding=0 data-rtl=false >\n\n                    <div class=\"ct-carousel-item\">\n                    <div class=\"grid-item-inner\">\n                                                    <div class=\"item-featured\">\n                                <a class=\"overlay\" href=\"https:\/\/coralmar.org\/en\/los-arrecifes-del-caribe-han-perdido-el-48-de-los-corales-duros-desde-1980-segun-un-estudio\/\">\n                                    <img decoding=\"async\" class=\"\" src=\"https:\/\/coralmar.org\/wp-content\/uploads\/2026\/04\/Corales-duros-en-el-Caribe-frente-a-Cuba-en-2019-600x316.jpg\" width=\"600\" height=\"316\" alt=\"Corales-duros-en-el-Caribe-frente-a-Cuba-en-2019\" title=\"Corales-duros-en-el-Caribe-frente-a-Cuba-en-2019\" loading=\"lazy\" \/>                                <\/a>\n                                                            <\/div>\n                                                <div class=\"item-body\">\n                            <ul class=\"item-meta\">\n                                <li><i class=\"fa fa-calendar\"><\/i>17\/04\/2026<\/li>\n                                <li><i class=\"fa fa-user\"><\/i><span>By <\/span><a href=\"https:\/\/coralmar.org\/en\/author\/admino\/\" title=\"Posts by Staff Coral MAR\" rel=\"author\">Staff Coral MAR<\/a><\/li>\n                            <\/ul>\n                            <h3 class=\"item-title\" style=\"\">\n                                <a href=\"https:\/\/coralmar.org\/en\/los-arrecifes-del-caribe-han-perdido-el-48-de-los-corales-duros-desde-1980-segun-un-estudio\/\">Los arrecifes del Caribe han perdido el 48% de los corales duros desde 1980, seg\u00fan un estudio<\/a>\n                            <\/h3>\n                        <\/div>\n                        <div class=\"item-readmore\">\n                            <a class=\"btn\" href=\"https:\/\/coralmar.org\/en\/los-arrecifes-del-caribe-han-perdido-el-48-de-los-corales-duros-desde-1980-segun-un-estudio\/\">\n                                View now  \n                            <\/a>\n                        <\/div>\n                    <\/div>\n                <\/div>\n                            <div class=\"ct-carousel-item\">\n                    <div class=\"grid-item-inner\">\n                                                    <div class=\"item-featured\">\n                                <a class=\"overlay\" href=\"https:\/\/coralmar.org\/en\/este-diseno-simple-podria-salvar-los-arrecifes-de-ostras-en-todo-el-mundo\/\">\n                                    <img decoding=\"async\" class=\"\" src=\"https:\/\/coralmar.org\/wp-content\/uploads\/2026\/04\/Remanente-arrecife-natural-de-ostras-juan-esquivel-600x316.jpg\" width=\"600\" height=\"316\" alt=\"Remanente-arrecife-natural-de-ostras-juan-esquivel\" title=\"Remanente-arrecife-natural-de-ostras-juan-esquivel\" loading=\"lazy\" \/>                                <\/a>\n                                                            <\/div>\n                                                <div class=\"item-body\">\n                            <ul class=\"item-meta\">\n                                <li><i class=\"fa fa-calendar\"><\/i>06\/04\/2026<\/li>\n                                <li><i class=\"fa fa-user\"><\/i><span>By <\/span><a href=\"https:\/\/coralmar.org\/en\/author\/admino\/\" title=\"Posts by Staff Coral MAR\" rel=\"author\">Staff Coral MAR<\/a><\/li>\n                            <\/ul>\n                            <h3 class=\"item-title\" style=\"\">\n                                <a href=\"https:\/\/coralmar.org\/en\/este-diseno-simple-podria-salvar-los-arrecifes-de-ostras-en-todo-el-mundo\/\">Este dise\u00f1o simple podr\u00eda salvar los arrecifes de ostras en todo el mundo<\/a>\n                            <\/h3>\n                        <\/div>\n                        <div class=\"item-readmore\">\n                            <a class=\"btn\" href=\"https:\/\/coralmar.org\/en\/este-diseno-simple-podria-salvar-los-arrecifes-de-ostras-en-todo-el-mundo\/\">\n                                View now  \n                            <\/a>\n                        <\/div>\n                    <\/div>\n                <\/div>\n                            <div class=\"ct-carousel-item\">\n                    <div class=\"grid-item-inner\">\n                                                    <div class=\"item-featured\">\n                                <a class=\"overlay\" href=\"https:\/\/coralmar.org\/en\/antes-de-la-luna-estaba-el-oceano\/\">\n                                    <img decoding=\"async\" class=\"\" src=\"https:\/\/coralmar.org\/wp-content\/uploads\/2026\/04\/Antes-de-la-Luna-estaba-el-oceano-coral-foundation-600x316.jpg\" width=\"600\" height=\"316\" alt=\"Antes-de-la-Luna--estaba-el-oceano---coral-foundation\" title=\"Antes-de-la-Luna--estaba-el-oceano---coral-foundation\" loading=\"lazy\" \/>                                <\/a>\n                                                            <\/div>\n                                                <div class=\"item-body\">\n                            <ul class=\"item-meta\">\n                                <li><i class=\"fa fa-calendar\"><\/i>02\/04\/2026<\/li>\n                                <li><i class=\"fa fa-user\"><\/i><span>By <\/span><a href=\"https:\/\/coralmar.org\/en\/author\/admino\/\" title=\"Posts by Staff Coral MAR\" rel=\"author\">Staff Coral MAR<\/a><\/li>\n                            <\/ul>\n                            <h3 class=\"item-title\" style=\"\">\n                                <a href=\"https:\/\/coralmar.org\/en\/antes-de-la-luna-estaba-el-oceano\/\">Antes de la Luna, estaba el oc\u00e9ano<\/a>\n                            <\/h3>\n                        <\/div>\n                        <div class=\"item-readmore\">\n                            <a class=\"btn\" href=\"https:\/\/coralmar.org\/en\/antes-de-la-luna-estaba-el-oceano\/\">\n                                View now  \n                            <\/a>\n                        <\/div>\n                    <\/div>\n                <\/div>\n                            <div class=\"ct-carousel-item\">\n                    <div class=\"grid-item-inner\">\n                                                    <div class=\"item-featured\">\n                                <a class=\"overlay\" href=\"https:\/\/coralmar.org\/en\/a-medida-que-los-arrecifes-desaparecen-la-fertilizacion-asistida-con-coral-ofrece-esperanza-en-la-republica-dominicana\/\">\n                                    <img decoding=\"async\" class=\"\" src=\"https:\/\/coralmar.org\/wp-content\/uploads\/2026\/03\/Teresa-de-Miguel-and-Francesco-Spotorno-600x316.jpg\" width=\"600\" height=\"316\" alt=\"Teresa-de-Miguel-and-Francesco-Spotorno\" title=\"Teresa-de-Miguel-and-Francesco-Spotorno\" loading=\"lazy\" \/>                                <\/a>\n                                                            <\/div>\n                                                <div class=\"item-body\">\n                            <ul class=\"item-meta\">\n                                <li><i class=\"fa fa-calendar\"><\/i>18\/03\/2026<\/li>\n                                <li><i class=\"fa fa-user\"><\/i><span>By <\/span><a href=\"https:\/\/coralmar.org\/en\/author\/admino\/\" title=\"Posts by Staff Coral MAR\" rel=\"author\">Staff Coral MAR<\/a><\/li>\n                            <\/ul>\n                            <h3 class=\"item-title\" style=\"\">\n                                <a href=\"https:\/\/coralmar.org\/en\/a-medida-que-los-arrecifes-desaparecen-la-fertilizacion-asistida-con-coral-ofrece-esperanza-en-la-republica-dominicana\/\">A medida que los arrecifes desaparecen, la fertilizaci\u00f3n asistida con coral ofrece esperanza en la Rep\u00fablica Dominicana<\/a>\n                            <\/h3>\n                        <\/div>\n                        <div class=\"item-readmore\">\n                            <a class=\"btn\" href=\"https:\/\/coralmar.org\/en\/a-medida-que-los-arrecifes-desaparecen-la-fertilizacion-asistida-con-coral-ofrece-esperanza-en-la-republica-dominicana\/\">\n                                View now  \n                            <\/a>\n                        <\/div>\n                    <\/div>\n                <\/div>\n                            <div class=\"ct-carousel-item\">\n                    <div class=\"grid-item-inner\">\n                                                    <div class=\"item-featured\">\n                                <a class=\"overlay\" href=\"https:\/\/coralmar.org\/en\/la-incorporacion-de-lipidos-mejora-la-criotolerancia-de-los-ovocitos-de-coral-de-gorgonia-vitrificada\/\">\n                                    <img decoding=\"async\" class=\"\" src=\"https:\/\/coralmar.org\/wp-content\/uploads\/2026\/03\/Incorporation-of-lipids-improves-cryo-tolerance-600x316.jpg\" width=\"600\" height=\"316\" alt=\"Incorporation-of-lipids-improves-cryo-tolerance\" title=\"Incorporation-of-lipids-improves-cryo-tolerance\" loading=\"lazy\" \/>                                <\/a>\n                                                            <\/div>\n                                                <div class=\"item-body\">\n                            <ul class=\"item-meta\">\n                                <li><i class=\"fa fa-calendar\"><\/i>05\/03\/2026<\/li>\n                                <li><i class=\"fa fa-user\"><\/i><span>By <\/span><a href=\"https:\/\/coralmar.org\/en\/author\/admino\/\" title=\"Posts by Staff Coral MAR\" rel=\"author\">Staff Coral MAR<\/a><\/li>\n                            <\/ul>\n                            <h3 class=\"item-title\" style=\"\">\n                                <a href=\"https:\/\/coralmar.org\/en\/la-incorporacion-de-lipidos-mejora-la-criotolerancia-de-los-ovocitos-de-coral-de-gorgonia-vitrificada\/\">La incorporaci\u00f3n de l\u00edpidos mejora la criotolerancia de los ovocitos de coral de gorgonia vitrificada<\/a>\n                            <\/h3>\n                        <\/div>\n                        <div class=\"item-readmore\">\n                            <a class=\"btn\" href=\"https:\/\/coralmar.org\/en\/la-incorporacion-de-lipidos-mejora-la-criotolerancia-de-los-ovocitos-de-coral-de-gorgonia-vitrificada\/\">\n                                View now  \n                            <\/a>\n                        <\/div>\n                    <\/div>\n                <\/div>\n                            <div class=\"ct-carousel-item\">\n                    <div class=\"grid-item-inner\">\n                                                    <div class=\"item-featured\">\n                                <a class=\"overlay\" href=\"https:\/\/coralmar.org\/en\/estado-de-las-finanzas-para-la-naturaleza-2026\/\">\n                                    <img decoding=\"async\" class=\"\" src=\"https:\/\/coralmar.org\/wp-content\/uploads\/2026\/03\/State-of-Finance-for-Nature-2026-UNEP-600x316.jpg\" width=\"600\" height=\"316\" alt=\"State-of-Finance-for-Nature-2026-UNEP\" title=\"State-of-Finance-for-Nature-2026-UNEP\" loading=\"lazy\" \/>                                <\/a>\n                                                            <\/div>\n                                                <div class=\"item-body\">\n                            <ul class=\"item-meta\">\n                                <li><i class=\"fa fa-calendar\"><\/i>05\/03\/2026<\/li>\n                                <li><i class=\"fa fa-user\"><\/i><span>By <\/span><a href=\"https:\/\/coralmar.org\/en\/author\/admino\/\" title=\"Posts by Staff Coral MAR\" rel=\"author\">Staff Coral MAR<\/a><\/li>\n                            <\/ul>\n                            <h3 class=\"item-title\" style=\"\">\n                                <a href=\"https:\/\/coralmar.org\/en\/estado-de-las-finanzas-para-la-naturaleza-2026\/\">Estado de las finanzas para la naturaleza 2026<\/a>\n                            <\/h3>\n                        <\/div>\n                        <div class=\"item-readmore\">\n                            <a class=\"btn\" href=\"https:\/\/coralmar.org\/en\/estado-de-las-finanzas-para-la-naturaleza-2026\/\">\n                                View now  \n                            <\/a>\n                        <\/div>\n                    <\/div>\n                <\/div>\n                \n<\/div><\/div><\/div><\/div><\/div><div class=\"vc_row wpb_row vc_row-fluid bg-image-ps-inherit\"><div class=\"wpb_column vc_column_container vc_col-sm-12 vc_col-lg-5 vc_col-md-5 rm-padding-md\"><div class=\"vc_column-inner vc_custom_1540021731938\"><div class=\"wpb_wrapper\"><div class=\"vc_empty_space\"   style=\"height: 62px\"><span class=\"vc_empty_space_inner\"><\/span><\/div><div id=\"ct-heading-2\" class=\"ct-heading align-left align-left-md align-left-sm align-left-xs \">\n            <style type=\"text\/css\">\n            @media (min-width: 991px) and (max-width: 1200px) {\n                #ct-heading-2 .ct-heading-tag {\n                                            font-size: 32px !important;\n                                                        }\n            }\n        <\/style>\n    \n            <style type=\"text\/css\">\n            @media (min-width: 768px) and (max-width: 991px) {\n                #ct-heading-2 .ct-heading-tag {\n                                            font-size: 28px !important;\n                                                        }\n            }\n        <\/style>\n    \n            <style type=\"text\/css\">\n            @media screen and (max-width: 767px) {\n                #ct-heading-2 .ct-heading-tag {\n                                            font-size: 28px !important;\n                                                        }\n            }\n        <\/style>\n                    <div class=\"ct-heading-sub sub- style1\" >\n            <span ><\/span>\n            Acerca de la RRA-SAM                    <\/div>\n        <h3 class=\"ct-heading-tag typing-style1\" >\n                                    Restauraci\u00f3n, conservaci\u00f3n y protecci\u00f3n de los arrecifes coralinos en                                    <span class=\"ct-typingout-typed\" data-period=\"2000\" data-type='[ &quot;M\u00e9xico,&quot;, &quot;Belice,&quot;, &quot;Guatemala y &quot;, &quot;Honduras.&quot; ]'>\n                        <span class=\"ct-typingout-animation\"><\/span>\n                    <\/span>\n                                        <\/h3>\n            <div class=\"h-gap\"><i ><\/i><\/div>\n                <div class=\"ct-heading-desc\" >La RRA-SAM es el punto de encuentro entre grupos dedicados a labores de restauraci\u00f3n, conservaci\u00f3n y protecci\u00f3n de los arrecifes coralinos en M\u00e9xico, Belice, Guatemala, y Honduras; con el fin de intercambiar experiencias y crear v\u00ednculos mas cercanos entre los mismos.<\/div>\n    <\/div><div class=\"vc_empty_space\"   style=\"height: 62px\"><span class=\"vc_empty_space_inner\"><\/span><\/div><\/div><\/div><\/div><div class=\"wpb_column vc_column_container vc_col-sm-12 vc_col-lg-7 vc_col-md-7 rm-padding-md\"><div class=\"vc_column-inner vc_custom_1540021746573\"><div class=\"wpb_wrapper\"><div class=\"vc_empty_space\"   style=\"height: 62px\"><span class=\"vc_empty_space_inner\"><\/span><\/div><div class=\"vc_empty_space\"   style=\"height: 62px\"><span class=\"vc_empty_space_inner\"><\/span><\/div>\n\t<div  class=\"wpb_single_image wpb_content_element vc_align_right wpb_content_element wpb_animate_when_almost_visible wpb_fadeInRight fadeInRight vc_custom_1633038107326 inherit inherit\">\n\t\t\n\t\t<figure class=\"wpb_wrapper vc_figure\">\n\t\t\t<div class=\"vc_single_image-wrapper default  vc_box_border_grey\"><img decoding=\"async\" class=\"vc_single_image-img \" src=\"https:\/\/coralmar.org\/wp-content\/uploads\/2021\/09\/banner-quienes-somos-coral-mar-570x580.png\" width=\"570\" height=\"580\" alt=\"banner-quienes-somos-coral-mar\" title=\"banner-quienes-somos-coral-mar\" loading=\"lazy\" \/><\/div>\n\t\t<\/figure>\n\t<\/div>\n<\/div><\/div><\/div><\/div><div data-vc-full-width=\"true\" data-vc-full-width-temp=\"true\" data-vc-full-width-init=\"false\" data-vc-stretch-content=\"true\" class=\"vc_row wpb_row vc_row-fluid vc_custom_1633212464177 vc_row-has-fill vc_row-no-padding bg-image-ps-inherit\"><div class=\"wpb_column vc_column_container vc_col-sm-1\/5\"><div class=\"vc_column-inner vc_custom_1539747466925\"><div class=\"wpb_wrapper\"><\/div><\/div><\/div><div class=\"wpb_column vc_column_container vc_col-sm-3\/5\"><div class=\"vc_column-inner\"><div class=\"wpb_wrapper\"><h1 style=\"text-align: center;font-family:Roboto Slab;font-weight:700;font-style:normal\" class=\"vc_custom_heading vc_do_custom_heading\" >Objetivo Principal<\/h1>\n\t<div class=\"wpb_text_column wpb_content_element\" >\n\t\t<div class=\"wpb_wrapper\">\n\t\t\t<p style=\"text-align: center;\">El objetivo general de la Red es compartir conocimientos, experiencias, mejores pr\u00e1cticas y metodolog\u00edas en restauraci\u00f3n de arrecifes y ecosistemas asociados (pastos marinos, manglares, vegetaci\u00f3n de dunas y playas) entre expertos, t\u00e9cnicos, cient\u00edficos, organizaciones gubernamentales, no gubernamentales, en los cuatro pa\u00edses de la regi\u00f3n del SAM y el Caribe.<\/p>\n\n\t\t<\/div>\n\t<\/div>\n<div class=\"vc_empty_space\"   style=\"height: 44px\"><span class=\"vc_empty_space_inner\"><\/span><\/div><\/div><\/div><\/div><div class=\"wpb_column vc_column_container vc_col-sm-1\/5\"><div class=\"vc_column-inner\"><div class=\"wpb_wrapper\"><\/div><\/div><\/div><\/div><div class=\"vc_row-full-width vc_clearfix\"><\/div><div id=\"features\" class=\"vc_row wpb_row vc_row-fluid vc_custom_1541608985390 bg-image-ps-inherit\"><div class=\"wpb_column vc_column_container vc_col-sm-6\"><div class=\"vc_column-inner vc_custom_1539758804018\"><div class=\"wpb_wrapper\">\n    <div id=\"ct-banner\" class=\"ct-banner-layout1    wpb_animate_when_almost_visible wpb_fadeInLeft fadeInLeft\">\n        <div class=\"ct-banner-inner\">\n            <div class=\"ct-banner-image\">   \n                <img decoding=\"async\" src=\"https:\/\/coralmar.org\/wp-content\/uploads\/2021\/09\/Belize3_LyntonBurger-CORAL-MAR.jpg\" \/>\n            <\/div>\n        <\/div>\n    <\/div>\n<\/div><\/div><\/div><div class=\"wpb_column vc_column_container vc_col-sm-6 rm-padding-lg\"><div class=\"vc_column-inner vc_custom_1541610246902\"><div class=\"wpb_wrapper\"><div id=\"ct-heading-3\" class=\"ct-heading align-left align-left-md align-left-sm align-left-xs \">\n            <style type=\"text\/css\">\n            @media (min-width: 991px) and (max-width: 1200px) {\n                #ct-heading-3 .ct-heading-tag {\n                                            font-size: 34px !important;\n                                                        }\n            }\n        <\/style>\n    \n            <style type=\"text\/css\">\n            @media (min-width: 768px) and (max-width: 991px) {\n                #ct-heading-3 .ct-heading-tag {\n                                            font-size: 30px !important;\n                                                        }\n            }\n        <\/style>\n    \n            <style type=\"text\/css\">\n            @media screen and (max-width: 767px) {\n                #ct-heading-3 .ct-heading-tag {\n                                            font-size: 30px !important;\n                                                        }\n            }\n        <\/style>\n                <span class=\"ct-text-below\">CORALES<\/span>\n                <div class=\"ct-heading-sub sub- style1\" >\n            <span ><\/span>\n            Arrecifes de Coral                    <\/div>\n        <h3 class=\"ct-heading-tag typing-style1\" style=\"font-size:34px; \">\n                                    \u00bfQu\u00e9 son los arrecifes de<br \/>\ncoral?                                        <\/h3>\n            <div class=\"h-gap\"><i ><\/i><\/div>\n                <div class=\"ct-heading-desc\" >Los corales son organismos que se desarrollan exitosamente en mares tropicales, son los constructores del arrecife formados por colonias sedentarias de cientos o miles de organismos muy delicados llamados p\u00f3lipos, pertenecientes al reino animal, y est\u00e1n asociados en simbiosis con la presencia de un alga denominada Zooxantela, la cual vive en el interior del tejido del p\u00f3lipo y es indispensable para la producci\u00f3n de ox\u00edgeno, y la liberaci\u00f3n del di\u00f3xido de carbono, entre otros elementos.<\/div>\n    <\/div><div class=\"vc_empty_space\"   style=\"height: 44px\"><span class=\"vc_empty_space_inner\"><\/span><\/div><div class=\"vc_empty_space\"   style=\"height: 44px\"><span class=\"vc_empty_space_inner\"><\/span><\/div><\/div><\/div><\/div><\/div><div data-vc-full-width=\"true\" data-vc-full-width-temp=\"true\" data-vc-full-width-init=\"false\" class=\"vc_row wpb_row vc_row-fluid vc_custom_1639843774067 vc_row-has-fill bg-image-ps-center\"><div class=\"wpb_column vc_column_container vc_col-sm-12 vc_col-lg-9 vc_col-md-9\"><div class=\"vc_column-inner vc_custom_1540022088043\"><div class=\"wpb_wrapper\"><div class=\"vc_row wpb_row vc_inner vc_row-fluid\"><div class=\"wpb_column vc_column_container vc_col-sm-12 rm-padding-lg\"><div class=\"vc_column-inner vc_custom_1539792949815\"><div class=\"wpb_wrapper\"><div id=\"ct-heading-4\" class=\"ct-heading align-left align-left-md align-left-sm align-left-xs \">\n            <style type=\"text\/css\">\n            @media (min-width: 991px) and (max-width: 1200px) {\n                #ct-heading-4 .ct-heading-tag {\n                                            font-size: 36px !important;\n                                                        }\n            }\n        <\/style>\n    \n            <style type=\"text\/css\">\n            @media (min-width: 768px) and (max-width: 991px) {\n                #ct-heading-4 .ct-heading-tag {\n                                            font-size: 32px !important;\n                                                        }\n            }\n        <\/style>\n    \n            <style type=\"text\/css\">\n            @media screen and (max-width: 767px) {\n                #ct-heading-4 .ct-heading-tag {\n                                            font-size: 32px !important;\n                                                        }\n            }\n        <\/style>\n                <h3 class=\"ct-heading-tag typing-style1\" >\n                                    Acerca del SAM                                        <\/h3>\n            <div class=\"h-gap\"><i ><\/i><\/div>\n                <div class=\"ct-heading-desc\" >El Sistema Arrecifal Mesoamericano (SAM) es el segundo arrecife de barrera m\u00e1s grande del mundo y tiene cerca de<\/div>\n    <\/div><\/div><\/div><\/div><\/div><div class=\"vc_row wpb_row vc_inner vc_row-fluid\"><div class=\"wpb_column vc_column_container vc_col-sm-4 wpb_animate_when_almost_visible wpb_fadeInRight fadeInRight\"><div class=\"vc_column-inner vc_custom_1541254522249\"><div class=\"wpb_wrapper\"><div id=\"ct-counter\" class=\"ct-counter ct-counter-default  \">\n        <div class=\"ct-counter-inner\">\n                                    <div class=\"ct-counter-icon\">\n                    <i class=\"text-gradient fas fa-globe-americas\" style=\"\"><\/i>\n                <\/div>\n                            <div class=\"ct-counter-holder\">\n            <span id=\"ct-counter-digit\" class=\"ct-counter-digit\" data-grouping=\"0\" data-separator=\"\" data-digit=\"1000\" data-prefix=\"+\" data-suffix=\"\" style=\"\"><\/span>\n                            <h3 class=\"ct-counter-title\" style=\"\">\n                    kilometros de costas a lo largo de cuatro pa\u00edses, M\u00e9xico, Guatemala, Belice y Honduras.                <\/h3>\n                    <\/div>\n    <\/div>\n<\/div><\/div><\/div><\/div><div class=\"wpb_column vc_column_container vc_col-sm-4 wpb_animate_when_almost_visible wpb_fadeInRight fadeInRight\"><div class=\"vc_column-inner vc_custom_1541254532367\"><div class=\"wpb_wrapper\"><div id=\"ct-counter-2\" class=\"ct-counter ct-counter-default  \">\n        <div class=\"ct-counter-inner\">\n                                    <div class=\"ct-counter-icon\">\n                    <i class=\"text-gradient fas fa-route\" style=\"\"><\/i>\n                <\/div>\n                            <div class=\"ct-counter-holder\">\n            <span id=\"ct-counter-2-digit\" class=\"ct-counter-digit\" data-grouping=\"0\" data-separator=\"\" data-digit=\"65\" data-prefix=\"\" data-suffix=\"\" style=\"\"><\/span>\n                            <h3 class=\"ct-counter-title\" style=\"\">\n                    \u00c1reas Naturales Protegidas (ANP)                <\/h3>\n                    <\/div>\n    <\/div>\n<\/div><\/div><\/div><\/div><div class=\"wpb_column vc_column_container vc_col-sm-4 wpb_animate_when_almost_visible wpb_fadeInRight fadeInRight\"><div class=\"vc_column-inner vc_custom_1541254540311\"><div class=\"wpb_wrapper\"><div id=\"ct-counter-3\" class=\"ct-counter ct-counter-default  \">\n        <div class=\"ct-counter-inner\">\n                                    <div class=\"ct-counter-icon\">\n                    <i class=\"text-gradient fas fa-users\" style=\"\"><\/i>\n                <\/div>\n                            <div class=\"ct-counter-holder\">\n            <span id=\"ct-counter-3-digit\" class=\"ct-counter-digit\" data-grouping=\"0\" data-separator=\"\" data-digit=\"1\" data-prefix=\"\" data-suffix=\"\" style=\"\"><\/span>\n                            <h3 class=\"ct-counter-title\" style=\"\">\n                    mill\u00f3n+ de personas dependen directamente de los recursos naturales del SAM                <\/h3>\n                    <\/div>\n    <\/div>\n<\/div><\/div><\/div><\/div><\/div><\/div><\/div><\/div><div class=\"wpb_column vc_column_container vc_col-sm-3\"><div class=\"vc_column-inner\"><div class=\"wpb_wrapper\"><\/div><\/div><\/div><\/div><div class=\"vc_row-full-width vc_clearfix\"><\/div><div data-vc-full-width=\"true\" data-vc-full-width-temp=\"true\" data-vc-full-width-init=\"false\" data-vc-parallax=\"1.6\" data-vc-parallax-image=\"https:\/\/coralmar.org\/wp-content\/uploads\/2021\/09\/bg-video-new-coralmar.jpg\" class=\"vc_row wpb_row vc_row-fluid vc_custom_1633045847991 vc_row-has-fill vc_general vc_parallax vc_parallax-content-moving row-overlay bg-image-ps-inherit\"><div class=\"wpb_column vc_column_container vc_col-sm-12\"><div class=\"vc_column-inner vc_custom_1541752613255\"><div class=\"wpb_wrapper\"><div id=\"ct-heading-5\" class=\"ct-heading align-center align-center-md align-center-sm align-center-xs \">\n            <style type=\"text\/css\">\n            @media (min-width: 991px) and (max-width: 1200px) {\n                #ct-heading-5 .ct-heading-tag {\n                                            font-size: 26px !important;\n                                                        }\n            }\n        <\/style>\n    \n            <style type=\"text\/css\">\n            @media (min-width: 768px) and (max-width: 991px) {\n                #ct-heading-5 .ct-heading-tag {\n                                            font-size: 24px !important;\n                                                        }\n            }\n        <\/style>\n    \n            <style type=\"text\/css\">\n            @media screen and (max-width: 767px) {\n                #ct-heading-5 .ct-heading-tag {\n                                            font-size: 24px !important;\n                                                        }\n            }\n        <\/style>\n                    <div class=\"ct-heading-sub sub- style1\" style=\"color:#ffffff;\">\n            <span style=\"background-color:#ffffff;\"><\/span>\n            Importancia de la RRA-SAM                    <\/div>\n        <h3 class=\"ct-heading-tag typing-style1\" style=\"color:#ffffff;font-size:26px;font-weight:300; \">\n                                    Facilitar la colaboraci\u00f3n y desarrollo de capacidades para restaurar la estructura y funci\u00f3n de los <cite>arrecifes de coral<\/cite> y los ecosistemas asociados en la regi\u00f3n.                                        <\/h3>\n            <div class=\"h-gap\"><i style=\"background-color:rgba(255,255,255,0.01)\" ><\/i><\/div>\n        <\/div><div class=\"vc_empty_space\"   style=\"height: 10px\"><span class=\"vc_empty_space_inner\"><\/span><\/div>\n<div id=\"ct-video\" class=\"ct-video-wrapper style1 text-center  wpb_animate_when_almost_visible wpb_shake shake\">\n    <div class=\"ct-video-inner\">\n                <a class=\"ct-video-button\" href=\"https:\/\/www.youtube.com\/watch?v=frP5VkU6Qfk\">\n            <i class=\"fa fa-play\"><\/i>\n                    <\/a>\n    <\/div>\n<\/div><\/div><\/div><\/div><\/div><div class=\"vc_row-full-width vc_clearfix\"><\/div><div class=\"vc_row wpb_row vc_row-fluid vc_custom_1539839183837 bg-image-ps-inherit\"><div class=\"wpb_column vc_column_container vc_col-sm-12\"><div class=\"vc_column-inner vc_custom_1539828341536\"><div class=\"wpb_wrapper\"><div class=\"vc_empty_space\"   style=\"height: 32px\"><span class=\"vc_empty_space_inner\"><\/span><\/div><div id=\"ct-heading-6\" class=\"ct-heading align-center align-center-md align-center-sm align-center-xs \">\n            <style type=\"text\/css\">\n            @media (min-width: 991px) and (max-width: 1200px) {\n                #ct-heading-6 .ct-heading-tag {\n                                            font-size: 36px !important;\n                                                        }\n            }\n        <\/style>\n    \n            <style type=\"text\/css\">\n            @media (min-width: 768px) and (max-width: 991px) {\n                #ct-heading-6 .ct-heading-tag {\n                                            font-size: 32px !important;\n                                                        }\n            }\n        <\/style>\n    \n            <style type=\"text\/css\">\n            @media screen and (max-width: 767px) {\n                #ct-heading-6 .ct-heading-tag {\n                                            font-size: 32px !important;\n                                                        }\n            }\n        <\/style>\n                    <div class=\"ct-heading-sub sub- style1\" >\n            <span ><\/span>\n            Miembros integrantes de la                    <\/div>\n        <h3 class=\"ct-heading-tag typing-style1\" >\n                                    Red de Restauraci\u00f3n del Sistema Arrecifal Mesoamericano                                        <\/h3>\n            <div class=\"h-gap\"><i ><\/i><\/div>\n        <\/div><\/div><\/div><\/div><\/div><div class=\"vc_row wpb_row vc_row-fluid bg-image-ps-inherit\"><div class=\"wpb_column vc_column_container vc_col-sm-12\"><div class=\"vc_column-inner vc_custom_1540527888195\"><div class=\"wpb_wrapper\">    <div id=\"ct-client-carousel\" class=\"ct-client-carousel default owl-carousel \" data-item-xs=2 data-item-sm=4 data-item-md=4 data-item-lg=5 data-margin=30 data-loop=true data-autoplay=true data-autoplaytimeout=5000 data-smartspeed=250 data-center=true data-arrows=false data-bullets=false data-stagepadding=0 data-rtl=false >\n                    <div class=\"ct-client-item\">\n                                                            <a href=\"https:\/\/marfund.org\/\" target=\"_blank\">\n                                            <img decoding=\"async\" src=\"https:\/\/coralmar.org\/wp-content\/uploads\/2021\/12\/Logo-MAR-Fund-small.png\" alt=\"2360\" \/>\n                                            <\/a>\n                                                <\/div>\n                    <div class=\"ct-client-item\">\n                                                            <a href=\"https:\/\/www.healthyreefs.org\" target=\"_blank\">\n                                            <img decoding=\"async\" src=\"https:\/\/coralmar.org\/wp-content\/uploads\/2021\/12\/logo-hri-small.png\" alt=\"2365\" \/>\n                                            <\/a>\n                                                <\/div>\n                    <div class=\"ct-client-item\">\n                                                            <a href=\"https:\/\/fragmentsofhope.org\/\" target=\"_blank\">\n                                            <img decoding=\"async\" src=\"https:\/\/coralmar.org\/wp-content\/uploads\/2021\/12\/logo-fragments-of-hope-small.png\" alt=\"2364\" \/>\n                                            <\/a>\n                                                <\/div>\n                    <div class=\"ct-client-item\">\n                                                            <a href=\"https:\/\/www.unam.mx\/\" target=\"_blank\">\n                                            <img decoding=\"async\" src=\"https:\/\/coralmar.org\/wp-content\/uploads\/2021\/12\/logo-unam-small-1.png\" alt=\"2366\" \/>\n                                            <\/a>\n                                                <\/div>\n                    <div class=\"ct-client-item\">\n                                                            <a href=\"https:\/\/www.roatanmarinepark.org\/\" target=\"_blank\">\n                                            <img decoding=\"async\" src=\"https:\/\/coralmar.org\/wp-content\/uploads\/2021\/12\/full-roatan-marine-logo-small.png\" alt=\"2367\" \/>\n                                            <\/a>\n                                                <\/div>\n                    <div class=\"ct-client-item\">\n                                                            <a href=\"#\" target=\"_self\">\n                                            <img decoding=\"async\" src=\"https:\/\/coralmar.org\/wp-content\/uploads\/2021\/12\/logo-cooperacion-alemana-kfw-small.png\" alt=\"2357\" \/>\n                                            <\/a>\n                                                <\/div>\n                    <div class=\"ct-client-item\">\n                                                            <a href=\"https:\/\/www.sica.int\/ccad\/\" target=\"_blank\">\n                                            <img decoding=\"async\" src=\"https:\/\/coralmar.org\/wp-content\/uploads\/2021\/12\/logo-ccad-small.png\" alt=\"2356\" \/>\n                                            <\/a>\n                                                <\/div>\n                    <div class=\"ct-client-item\">\n                                                            <a href=\"https:\/\/waveofchange.com\/es\/\" target=\"_blank\">\n                                            <img decoding=\"async\" src=\"https:\/\/coralmar.org\/wp-content\/uploads\/2023\/12\/logo-wave-of-change.png\" alt=\"3488\" \/>\n                                            <\/a>\n                                                <\/div>\n            <\/div>\n<\/div><\/div><\/div><\/div><div id=\"contacto\" class=\"vc_row wpb_row vc_row-fluid bg-image-ps-inherit\"><div class=\"wpb_column vc_column_container vc_col-sm-12\"><div class=\"vc_column-inner\"><div class=\"wpb_wrapper\"><div class=\"vc_empty_space\"   style=\"height: 32px\"><span class=\"vc_empty_space_inner\"><\/span><\/div><\/div><\/div><\/div><\/div><div data-vc-full-width=\"true\" data-vc-full-width-temp=\"true\" data-vc-full-width-init=\"false\" data-vc-parallax=\"1.6\" data-vc-parallax-image=\"https:\/\/coralmar.org\/wp-content\/uploads\/2021\/09\/bg-video-new-coralmar.jpg\" class=\"vc_row wpb_row vc_row-fluid vc_custom_1633045847991 vc_row-has-fill vc_general vc_parallax vc_parallax-content-moving row-overlay bg-image-ps-inherit\"><div class=\"wpb_column vc_column_container vc_col-sm-12\"><div class=\"vc_column-inner vc_custom_1541752613255\"><div class=\"wpb_wrapper\"><div id=\"ct-heading-7\" class=\"ct-heading align-center align-center-md align-center-sm align-center-xs \">\n            <style type=\"text\/css\">\n            @media (min-width: 991px) and (max-width: 1200px) {\n                #ct-heading-7 .ct-heading-tag {\n                                            font-size: 26px !important;\n                                                        }\n            }\n        <\/style>\n    \n            <style type=\"text\/css\">\n            @media (min-width: 768px) and (max-width: 991px) {\n                #ct-heading-7 .ct-heading-tag {\n                                            font-size: 24px !important;\n                                                        }\n            }\n        <\/style>\n    \n            <style type=\"text\/css\">\n            @media screen and (max-width: 767px) {\n                #ct-heading-7 .ct-heading-tag {\n                                            font-size: 24px !important;\n                                                        }\n            }\n        <\/style>\n                    <div class=\"ct-heading-sub sub- style1\" style=\"color:#ffffff;\">\n            <span style=\"background-color:#ffffff;\"><\/span>\n            Suscr\u00edbete a nuestro bolet\u00edn RRA-SAM                    <\/div>\n        <h3 class=\"ct-heading-tag typing-style1\" style=\"color:#ffffff;font-size:26px;font-weight:300; \">\n                                    \u00a1\u00danete a la Red de Restauraci\u00f3n del Sistema Arrecifal Mesoamericano (RRA-SAM) y<br \/>\ns\u00e9 parte del cambio!                                        <\/h3>\n            <div class=\"h-gap\"><i style=\"background-color:rgba(255,255,255,0.01)\" ><\/i><\/div>\n        <\/div><div class=\"vc_btn3-container vc_btn3-center vc_do_btn\" ><a class=\"vc_general vc_btn3 vc_btn3-size-md vc_btn3-shape-rounded vc_btn3-style-modern vc_btn3-icon-left vc_btn3-color-danger\" href=\"https:\/\/coralmar.org\/suscripcion-a-boletin\" title=\"\"><i class=\"vc_btn3-icon far fa-newspaper\"><\/i> Clic aqu\u00ed<\/a><\/div><div class=\"vc_empty_space\"   style=\"height: 10px\"><span class=\"vc_empty_space_inner\"><\/span><\/div><\/div><\/div><\/div><\/div><div class=\"vc_row-full-width vc_clearfix\"><\/div><div class=\"vc_row wpb_row vc_row-fluid bg-image-ps-inherit\"><div class=\"wpb_column vc_column_container vc_col-sm-12\"><div class=\"vc_column-inner\"><div class=\"wpb_wrapper\"><\/div><\/div><\/div><\/div>\n<\/div>","protected":false},"excerpt":{"rendered":"Foto: UNEP Estado de las finanzas para la naturaleza 2026: impulsar la econom\u00eda de transici\u00f3n de la naturaleza de un bill\u00f3n de d\u00f3lares a nivel mundial y en Am\u00e9rica Latina y el Caribe Fecha : 11 de marzo de 2026 T\u00edtulo : 09:00 COT \/\/ 15:00 CET \/\/ 17:00 EAT Ubicaci\u00f3n : Online, MS Teams [...]","protected":false},"author":1,"featured_media":0,"parent":0,"menu_order":0,"comment_status":"closed","ping_status":"closed","template":"","meta":{"footnotes":""},"class_list":["post-479","page","type-page","status-publish","hentry"],"aioseo_notices":[],"_links":{"self":[{"href":"https:\/\/coralmar.org\/en\/wp-json\/wp\/v2\/pages\/479","targetHints":{"allow":["GET"]}}],"collection":[{"href":"https:\/\/coralmar.org\/en\/wp-json\/wp\/v2\/pages"}],"about":[{"href":"https:\/\/coralmar.org\/en\/wp-json\/wp\/v2\/types\/page"}],"author":[{"embeddable":true,"href":"https:\/\/coralmar.org\/en\/wp-json\/wp\/v2\/users\/1"}],"replies":[{"embeddable":true,"href":"https:\/\/coralmar.org\/en\/wp-json\/wp\/v2\/comments?post=479"}],"version-history":[{"count":12,"href":"https:\/\/coralmar.org\/en\/wp-json\/wp\/v2\/pages\/479\/revisions"}],"predecessor-version":[{"id":5064,"href":"https:\/\/coralmar.org\/en\/wp-json\/wp\/v2\/pages\/479\/revisions\/5064"}],"wp:attachment":[{"href":"https:\/\/coralmar.org\/en\/wp-json\/wp\/v2\/media?parent=479"}],"curies":[{"name":"wp","href":"https:\/\/api.w.org\/{rel}","templated":true}]}}